{"id":3584,"date":"2019-05-22T10:15:43","date_gmt":"2019-05-22T08:15:43","guid":{"rendered":"https:\/\/e42.at\/steakhaus\/?page_id=3584"},"modified":"2024-11-20T22:46:03","modified_gmt":"2024-11-20T21:46:03","slug":"events","status":"publish","type":"page","link":"https:\/\/e42.at\/steakhaus\/events\/","title":{"rendered":"Events"},"content":{"rendered":"<section class=\"wpb-content-wrapper\">[vc_row css=&#8220;.vc_custom_1585572161650{margin-bottom: 0px !important;padding-bottom: 0px !important;}&#8220;][vc_column][vc_column_text]\n<h1 style=\"text-align: center;\">Aktuelle Veranstaltungen im E42 Mountainsteil<\/h1>\n[\/vc_column_text][vc_empty_space][\/vc_column][\/vc_row][vc_row css=&#8220;.vc_custom_1668671399030{margin-top: 0px !important;margin-bottom: 0px !important;padding-top: 0px !important;padding-bottom: 0px !important;}&#8220;][vc_column width=&#8220;1\/3&#8243;][vc_column_text]\n<h3 style=\"text-align: center;\">Silvester<\/h3>\n[\/vc_column_text][vc_empty_space height=&#8220;20px&#8220;][vc_single_image image=&#8220;4562&#8243; img_size=&#8220;500&#215;320&#8243; alignment=&#8220;center&#8220; onclick=&#8220;link_image&#8220; css=&#8220;.vc_custom_1606861843479{margin-bottom: 0px !important;padding-bottom: 0px !important;}&#8220;][vc_custom_heading text=&#8220;Die Vorfreude auf das neue Jahr ist gro\u00df? Teilt sie mit uns.&#8220; font_container=&#8220;tag:h3|text_align:center&#8220; google_fonts=&#8220;font_family:Roboto%20Slab%3A100%2C300%2Cregular%2C700|font_style:400%20regular%3A400%3Anormal&#8220; css=&#8220;.vc_custom_1604952368102{margin-top: 0px !important;margin-right: 0px !important;margin-bottom: 40px !important;margin-left: 0px !important;border-top-width: 0px !important;border-right-width: 0px !important;border-bottom-width: 0px !important;border-left-width: 0px !important;padding-top: 0px !important;padding-right: 0px !important;padding-bottom: 0px !important;padding-left: 0px !important;}&#8220;][vc_column_text]\n<p style=\"text-align: center;\">Am Silvesterabend l\u00e4uten wir p\u00fcnktlich um 00:00 traditionell im Innenhof das Neujahr ein.<\/p>\n<p style=\"text-align: center;\"><strong>gem\u00fctliche Musik<br \/>\n<\/strong><strong>Neujahrswalzer<br \/>\n<\/strong><strong>Getr\u00e4nke<br \/>\n<\/strong><strong style=\"font-size: 1.4rem;\">kleine Leckerbissen<\/strong><\/p>\n<p style=\"text-align: center;\">und ein neues Jahr kann beginnen. Ein perfekter Abend in deinem Steak &#8211; Wirtshaus und mit Freunden ausklingen lassen.<\/p>\n<p style=\"text-align: center;\">Wir freuen uns auf eure Gesellschaft und informieren euch gerne weiter.<\/p>\n[\/vc_column_text][vc_empty_space height=&#8220;20px&#8220;][\/vc_column][vc_column width=&#8220;1\/3&#8243;][vc_column_text]\n<h3 style=\"text-align: center;\">Muttertag<\/h3>\n[\/vc_column_text][vc_empty_space height=&#8220;20px&#8220;][vc_single_image image=&#8220;4548&#8243; img_size=&#8220;500&#215;320&#8243; alignment=&#8220;center&#8220; onclick=&#8220;link_image&#8220; css=&#8220;.vc_custom_1606763962445{margin-bottom: 0px !important;padding-bottom: 0px !important;}&#8220;][vc_custom_heading text=&#8220;Einen Engel ohne Fl\u00fcgel nennt man Mama&#8220; font_container=&#8220;tag:h3|text_align:center&#8220; google_fonts=&#8220;font_family:Roboto%20Slab%3A100%2C300%2Cregular%2C700|font_style:400%20regular%3A400%3Anormal&#8220; css=&#8220;.vc_custom_1604952445037{margin-top: 0px !important;margin-right: 0px !important;margin-bottom: 40px !important;margin-left: 0px !important;border-top-width: 0px !important;border-right-width: 0px !important;border-bottom-width: 0px !important;border-left-width: 0px !important;padding-top: 0px !important;padding-right: 0px !important;padding-bottom: 0px !important;padding-left: 0px !important;}&#8220;][vc_column_text]\n<p style=\"text-align: center;\">Der Mutter Ehrentag ist bei uns etwas ganz Besonderes. Weit weg von Hektik und dem endlosen Kampf um einen freien Tisch und einem m\u00f6glichst schnellen Essen, damit man es sich zu Hause wieder gem\u00fctlich machen kann, haben wir uns gedacht &#8211; wieso nicht das zu Hause zu uns bringen.<\/p>\n<p style=\"text-align: center;\">Wir k\u00f6nnen zwar keine Couch zum liegen bieten, aber unser Muttertagsbrunch bietet alles, was man sich w\u00fcnscht. Und das ohne Stress. Hier braucht niemand Hektik. Man kommt, wann man Lust hat und bleibt sitzen, solange man will. Vom Fr\u00fchst\u00fcck \u00fcber Mahlzeiten bis hin zu Mini Men\u00fcs und Desserts &#8211; alles ist dabei. Gem\u00fctlich um 9:00 Uhr starten und sitzenbleiben bis man alles gesehen hat. Kein Abwasch zu Hause, keinen Aufwand und alles im gem\u00fctlichen famili\u00e4ren Kreis. Das macht einen Muttertag perfekt.<\/p>\n<p style=\"text-align: center;\"><strong>Reservierung erforderlich<\/strong><br \/>\n<strong>Nur eine Tischbelegung<\/strong>[\/vc_column_text][vc_empty_space height=&#8220;20px&#8220;][\/vc_column][vc_column width=&#8220;1\/3&#8243;][vc_column_text]\n<h3 style=\"text-align: center;\">Trachten Freitag<\/h3>\n[\/vc_column_text][vc_empty_space height=&#8220;20px&#8220;][vc_single_image image=&#8220;3921&#8243; img_size=&#8220;500&#215;320&#8243; alignment=&#8220;center&#8220; onclick=&#8220;link_image&#8220; css=&#8220;.vc_custom_1606863265944{margin-bottom: 0px !important;padding-bottom: 0px !important;}&#8220;][vc_custom_heading text=&#8220;Wir sind der Tradition verbunden!&#8220; font_container=&#8220;tag:h3|text_align:center&#8220; google_fonts=&#8220;font_family:Roboto%20Slab%3A100%2C300%2Cregular%2C700|font_style:400%20regular%3A400%3Anormal&#8220; css=&#8220;.vc_custom_1604952490346{margin-top: 0px !important;margin-right: 0px !important;margin-bottom: 40px !important;margin-left: 0px !important;border-top-width: 0px !important;border-right-width: 0px !important;border-bottom-width: 0px !important;border-left-width: 0px !important;padding-top: 0px !important;padding-right: 0px !important;padding-bottom: 0px !important;padding-left: 0px !important;}&#8220;][vc_column_text]\n<p style=\"text-align: center;\">Und das zelebrieren wir gerne. Das Ennstal hat wundersch\u00f6ne Br\u00e4uche. Rund<br \/>\num unsere wundersch\u00f6ne Region lassen wir diese auch gerne hochleben. Dazu geh\u00f6rt allen voran die Tracht.<\/p>\n<p style=\"text-align: center;\"><strong>Wie der Volksmund schon sagt &#8222;mit ana Lederhosn bist ozogn&#8220;.<\/strong><\/p>\n<p style=\"text-align: center;\">Bei uns liegt die Tracht ganz vorne im Kleiderschrank. Immer Freitags laden wir euch herzlich zum &#8222;Partnerlook&#8220; ein. Reserviert euch euer Platzerl im Steak Wirtshaus und ab in die &#8222;Trachtenpanier&#8220;. Wir freuen uns und gemeinsam schauts gleich noch besser aus.<\/p>\n<p style=\"text-align: center;\">#Trachtenfreitag #E42mountainsteil #HotelBierquelle #Heimat #Ursprung #Urig #Gmiatlich<\/p>\n[\/vc_column_text][vc_empty_space height=&#8220;20px&#8220;][\/vc_column][\/vc_row][vc_row css=&#8220;.vc_custom_1585575419786{margin-top: 0px !important;margin-bottom: 0px !important;padding-top: 0px !important;padding-bottom: 0px !important;}&#8220;][vc_column width=&#8220;1\/3&#8243;][vc_column_text]\n<h3 style=\"text-align: center;\">Zaumrama<\/h3>\n[\/vc_column_text][vc_empty_space height=&#8220;20px&#8220;][vc_single_image image=&#8220;4550&#8243; img_size=&#8220;500&#215;320&#8243; alignment=&#8220;center&#8220; onclick=&#8220;link_image&#8220; css=&#8220;.vc_custom_1606763949637{margin-bottom: 0px !important;padding-bottom: 0px !important;}&#8220;][vc_custom_heading text=&#8220;Das allbekannte Noagerltrinken &amp; Noagerlessen&#8220; font_container=&#8220;tag:h3|text_align:center&#8220; google_fonts=&#8220;font_family:Roboto%20Slab%3A100%2C300%2Cregular%2C700|font_style:400%20regular%3A400%3Anormal&#8220; css=&#8220;.vc_custom_1604952957019{margin-top: 0px !important;margin-right: 0px !important;margin-bottom: 40px !important;margin-left: 0px !important;border-top-width: 0px !important;border-right-width: 0px !important;border-bottom-width: 0px !important;border-left-width: 0px !important;padding-top: 0px !important;padding-right: 0px !important;padding-bottom: 0px !important;padding-left: 0px !important;}&#8220;][vc_column_text]\n<p style=\"text-align: center;\">\u00a0Am Ende wird alles gut. Und mit dieser Phrase verabschieden wir uns dann in die Pause. Vorher wird noch nach alter Tradition verarbeitet <em>&#8222;was noch da ist&#8220;<\/em><\/p>\n<p style=\"text-align: center;\"><strong>Weinflohmarkt<\/strong><br \/>\n<strong>Bierverkostung<\/strong><br \/>\n<strong>Abschlussmen\u00fc<\/strong><br \/>\n<strong>Specials<\/strong><\/p>\n<p style=\"text-align: center;\">Wir freuen uns auf eure Reservierung. Nat\u00fcrlich steht einer N\u00e4chtigung in unseren sch\u00f6nen Zimmern nichts im Wege, auch wenn es die letzten Tage sind .-)<\/p>\n[\/vc_column_text][vc_empty_space height=&#8220;20px&#8220;][\/vc_column][vc_column width=&#8220;1\/3&#8243;][vc_column_text]\n<h3 style=\"text-align: center;\">Sommergrillen<\/h3>\n[\/vc_column_text][vc_empty_space height=&#8220;20px&#8220;][vc_single_image image=&#8220;4553&#8243; img_size=&#8220;500&#215;320&#8243; alignment=&#8220;center&#8220; onclick=&#8220;link_image&#8220; css=&#8220;.vc_custom_1606764729831{margin-bottom: 0px !important;padding-bottom: 0px !important;}&#8220;][vc_custom_heading text=&#8220;Was man immer haben kann, wird nicht kostbar sein&#8230;&#8220; font_container=&#8220;tag:h3|text_align:center&#8220; google_fonts=&#8220;font_family:Roboto%20Slab%3A100%2C300%2Cregular%2C700|font_style:400%20regular%3A400%3Anormal&#8220; css=&#8220;.vc_custom_1604952554691{margin-top: 0px !important;margin-right: 0px !important;margin-bottom: 40px !important;margin-left: 0px !important;border-top-width: 0px !important;border-right-width: 0px !important;border-bottom-width: 0px !important;border-left-width: 0px !important;padding-top: 0px !important;padding-right: 0px !important;padding-bottom: 0px !important;padding-left: 0px !important;}&#8220;][vc_column_text]\n<p style=\"text-align: center;\">Frei nach diesem Motto machen wir uns im Sommer ein wenig rar. Aber keine Angst. Ihr m\u00fcsst nicht auf uns verzichten. Au\u00dferhalb von Caterings mit <strong>E42@Home<\/strong> und privaten Feierlichkeiten, gibt es auch im Sommer unser beliebtes Sommergrillen.<\/p>\n<p style=\"text-align: center;\"><strong>coole Drinks<br \/>\n<\/strong><strong>hei\u00dfe Beats<br \/>\n<\/strong><strong>Sonne (sofern sie nicht herum zickt)<br \/>\n<\/strong><strong style=\"font-size: 1.4rem;\">das beste vom Grill<\/strong><\/p>\n<p style=\"text-align: center;\">Alles in einen kleinen Rahmen gepackt und schon ist der Abend perfekt. Damit auch das etwas ganz Besonderes bleibt, bieten wir nur eine sehr begrenzte Anzahl an Pl\u00e4tzen.<\/p>\n<p style=\"text-align: center;\">\u00dcber Termine und Reservierungen informieren wir euch gern.<\/p>\n[\/vc_column_text][vc_empty_space height=&#8220;20px&#8220;][\/vc_column][vc_column width=&#8220;1\/3&#8243;][vc_column_text]\n<h3 style=\"text-align: center;\">OWH meets E42<\/h3>\n[\/vc_column_text][vc_empty_space height=&#8220;20px&#8220;][vc_single_image image=&#8220;4552&#8243; img_size=&#8220;500&#215;320&#8243; alignment=&#8220;center&#8220; onclick=&#8220;link_image&#8220; css=&#8220;.vc_custom_1606764734190{margin-bottom: 0px !important;padding-bottom: 0px !important;}&#8220;][vc_custom_heading text=&#8220;Rindviech BBQ &amp; Coole Beats am Berg&#8220; font_container=&#8220;tag:h3|text_align:center&#8220; google_fonts=&#8220;font_family:Roboto%20Slab%3A100%2C300%2Cregular%2C700|font_style:400%20regular%3A400%3Anormal&#8220; css=&#8220;.vc_custom_1606864823502{margin-top: 0px !important;margin-right: 0px !important;margin-bottom: 40px !important;margin-left: 0px !important;border-top-width: 0px !important;border-right-width: 0px !important;border-bottom-width: 0px !important;border-left-width: 0px !important;padding-top: 0px !important;padding-right: 0px !important;padding-bottom: 0px !important;padding-left: 0px !important;}&#8220;][vc_column_text]\n<p style=\"text-align: center;\">Bei unglaublicher \u201eKuh\u201c-lisse feierten <strong>Patrick, Manuel &amp; Christopher von der Onkel Willy\u2019s H\u00fctte auf der Planai<\/strong> und unser <strong>Spieli vom E42-Mountainsteil in der Bierquelle aus Haus<\/strong> mit begeisterten Steakfans aus Nah und Fern, die Partnerschaft unter Wirten. Die 4 Jungs und ihr Team vereinten auf der Planai nicht nur heimische E42 Qualit\u00e4t am Grill und coolen OWH-Schm\u00e4h, mit gem\u00fctlichen Beats von heimischen Dj\u2019s.<\/p>\n<p style=\"text-align: center;\">Sie genossen mit Einheimischen und G\u00e4sten eine wunderbare Zeit im kleinen Rahmen. Bei ihrem 2-w\u00f6chentlichen Event nach dem Motto <strong>Great Food \u2013 Great Music<\/strong> zeigten sie, bei traumhaftem Wetter und einmaligem Ausblick, einmal mehr, wie wichtig ein Miteinander sein kann.<\/p>\n<p style=\"text-align: center;\">Du hast es verpasst? Selber schuld &#8211; aber&#8230;kein Problem &#8211; unsere Vereinigung bleibt bestehen und somit heisst es auch im Sommer 2022 wieder: <strong>Ab auf die OWH!<\/strong><\/p>\n<p style=\"text-align: center;\"><em>Genaue Infos \u00fcber Termine und Reservierung folgen.<\/em><\/p>\n[\/vc_column_text][vc_empty_space height=&#8220;20px&#8220;][\/vc_column][\/vc_row]\n<\/section>","protected":false},"excerpt":{"rendered":"<p>[vc_row css=&#8220;.vc_custom_1585572161650{margin-bottom: 0px !important;padding-bottom: 0px !important;}&#8220;][vc_column][vc_column_text] Aktuelle Veranstaltungen im E42 Mountainsteil [\/vc_column_text][vc_empty_space][\/vc_column][\/vc_row][vc_row css=&#8220;.vc_custom_1668671399030{margin-top: 0px !important;margin-bottom: 0px !important;padding-top: 0px !important;padding-bottom: 0px [&hellip;]<\/p>\n","protected":false},"author":2,"featured_media":0,"parent":0,"menu_order":0,"comment_status":"closed","ping_status":"closed","template":"","meta":[],"yoast_head":"<!-- This site is optimized with the Yoast SEO plugin v19.14 - https:\/\/yoast.com\/wordpress\/plugins\/seo\/ -->\n<title>Events - E42 Mountainsteil | Steakhouse<\/title>\n<meta name=\"description\" content=\"Hier finden Sie alle Informationen rund um aktuelle Veranstaltungen &amp; Events im E42 Mountainsteil.\" \/>\n<meta name=\"robots\" content=\"index, follow, max-snippet:-1, max-image-preview:large, max-video-preview:-1\" \/>\n<link rel=\"canonical\" href=\"https:\/\/e42.at\/steakhaus\/events\/\" \/>\n<meta property=\"og:locale\" content=\"de_DE\" \/>\n<meta property=\"og:type\" content=\"article\" \/>\n<meta property=\"og:title\" content=\"Events - E42 Mountainsteil | Steakhouse\" \/>\n<meta property=\"og:description\" content=\"Hier finden Sie alle Informationen rund um aktuelle Veranstaltungen &amp; Events im E42 Mountainsteil.\" \/>\n<meta property=\"og:url\" content=\"https:\/\/e42.at\/steakhaus\/events\/\" \/>\n<meta property=\"og:site_name\" content=\"E42 Mountainsteil | Steakhouse\" \/>\n<meta property=\"article:modified_time\" content=\"2024-11-20T21:46:03+00:00\" \/>\n<meta name=\"twitter:card\" content=\"summary_large_image\" \/>\n<meta name=\"twitter:label1\" content=\"Gesch\u00e4tzte Lesezeit\" \/>\n\t<meta name=\"twitter:data1\" content=\"5\u00a0Minuten\" \/>\n<script type=\"application\/ld+json\" class=\"yoast-schema-graph\">{\"@context\":\"https:\/\/schema.org\",\"@graph\":[{\"@type\":\"WebPage\",\"@id\":\"https:\/\/e42.at\/steakhaus\/events\/\",\"url\":\"https:\/\/e42.at\/steakhaus\/events\/\",\"name\":\"Events - E42 Mountainsteil | Steakhouse\",\"isPartOf\":{\"@id\":\"https:\/\/e42.at\/steakhaus\/#website\"},\"datePublished\":\"2019-05-22T08:15:43+00:00\",\"dateModified\":\"2024-11-20T21:46:03+00:00\",\"description\":\"Hier finden Sie alle Informationen rund um aktuelle Veranstaltungen & Events im E42 Mountainsteil.\",\"breadcrumb\":{\"@id\":\"https:\/\/e42.at\/steakhaus\/events\/#breadcrumb\"},\"inLanguage\":\"de\",\"potentialAction\":[{\"@type\":\"ReadAction\",\"target\":[\"https:\/\/e42.at\/steakhaus\/events\/\"]}]},{\"@type\":\"BreadcrumbList\",\"@id\":\"https:\/\/e42.at\/steakhaus\/events\/#breadcrumb\",\"itemListElement\":[{\"@type\":\"ListItem\",\"position\":1,\"name\":\"Startseite\",\"item\":\"https:\/\/e42.at\/steakhaus\/\"},{\"@type\":\"ListItem\",\"position\":2,\"name\":\"Events\"}]},{\"@type\":\"WebSite\",\"@id\":\"https:\/\/e42.at\/steakhaus\/#website\",\"url\":\"https:\/\/e42.at\/steakhaus\/\",\"name\":\"E42 Mountainsteil | Steakhouse\",\"description\":\"Dein Steakhaus in Haus im Ennstal\",\"potentialAction\":[{\"@type\":\"SearchAction\",\"target\":{\"@type\":\"EntryPoint\",\"urlTemplate\":\"https:\/\/e42.at\/steakhaus\/?s={search_term_string}\"},\"query-input\":\"required name=search_term_string\"}],\"inLanguage\":\"de\"}]}<\/script>\n<!-- \/ Yoast SEO plugin. -->","yoast_head_json":{"title":"Events - E42 Mountainsteil | Steakhouse","description":"Hier finden Sie alle Informationen rund um aktuelle Veranstaltungen & Events im E42 Mountainsteil.","robots":{"index":"index","follow":"follow","max-snippet":"max-snippet:-1","max-image-preview":"max-image-preview:large","max-video-preview":"max-video-preview:-1"},"canonical":"https:\/\/e42.at\/steakhaus\/events\/","og_locale":"de_DE","og_type":"article","og_title":"Events - E42 Mountainsteil | Steakhouse","og_description":"Hier finden Sie alle Informationen rund um aktuelle Veranstaltungen & Events im E42 Mountainsteil.","og_url":"https:\/\/e42.at\/steakhaus\/events\/","og_site_name":"E42 Mountainsteil | Steakhouse","article_modified_time":"2024-11-20T21:46:03+00:00","twitter_card":"summary_large_image","twitter_misc":{"Gesch\u00e4tzte Lesezeit":"5\u00a0Minuten"},"schema":{"@context":"https:\/\/schema.org","@graph":[{"@type":"WebPage","@id":"https:\/\/e42.at\/steakhaus\/events\/","url":"https:\/\/e42.at\/steakhaus\/events\/","name":"Events - E42 Mountainsteil | Steakhouse","isPartOf":{"@id":"https:\/\/e42.at\/steakhaus\/#website"},"datePublished":"2019-05-22T08:15:43+00:00","dateModified":"2024-11-20T21:46:03+00:00","description":"Hier finden Sie alle Informationen rund um aktuelle Veranstaltungen & Events im E42 Mountainsteil.","breadcrumb":{"@id":"https:\/\/e42.at\/steakhaus\/events\/#breadcrumb"},"inLanguage":"de","potentialAction":[{"@type":"ReadAction","target":["https:\/\/e42.at\/steakhaus\/events\/"]}]},{"@type":"BreadcrumbList","@id":"https:\/\/e42.at\/steakhaus\/events\/#breadcrumb","itemListElement":[{"@type":"ListItem","position":1,"name":"Startseite","item":"https:\/\/e42.at\/steakhaus\/"},{"@type":"ListItem","position":2,"name":"Events"}]},{"@type":"WebSite","@id":"https:\/\/e42.at\/steakhaus\/#website","url":"https:\/\/e42.at\/steakhaus\/","name":"E42 Mountainsteil | Steakhouse","description":"Dein Steakhaus in Haus im Ennstal","potentialAction":[{"@type":"SearchAction","target":{"@type":"EntryPoint","urlTemplate":"https:\/\/e42.at\/steakhaus\/?s={search_term_string}"},"query-input":"required name=search_term_string"}],"inLanguage":"de"}]}},"_links":{"self":[{"href":"https:\/\/e42.at\/steakhaus\/wp-json\/wp\/v2\/pages\/3584"}],"collection":[{"href":"https:\/\/e42.at\/steakhaus\/wp-json\/wp\/v2\/pages"}],"about":[{"href":"https:\/\/e42.at\/steakhaus\/wp-json\/wp\/v2\/types\/page"}],"author":[{"embeddable":true,"href":"https:\/\/e42.at\/steakhaus\/wp-json\/wp\/v2\/users\/2"}],"replies":[{"embeddable":true,"href":"https:\/\/e42.at\/steakhaus\/wp-json\/wp\/v2\/comments?post=3584"}],"version-history":[{"count":81,"href":"https:\/\/e42.at\/steakhaus\/wp-json\/wp\/v2\/pages\/3584\/revisions"}],"predecessor-version":[{"id":5250,"href":"https:\/\/e42.at\/steakhaus\/wp-json\/wp\/v2\/pages\/3584\/revisions\/5250"}],"wp:attachment":[{"href":"https:\/\/e42.at\/steakhaus\/wp-json\/wp\/v2\/media?parent=3584"}],"curies":[{"name":"wp","href":"https:\/\/api.w.org\/{rel}","templated":true}]}}