{"id":4506,"date":"2020-11-10T15:30:45","date_gmt":"2020-11-10T14:30:45","guid":{"rendered":"https:\/\/e42.at\/steakhaus\/?page_id=4506"},"modified":"2021-11-12T22:35:30","modified_gmt":"2021-11-12T21:35:30","slug":"friends-of-e42","status":"publish","type":"page","link":"https:\/\/e42.at\/steakhaus\/friends-of-e42\/","title":{"rendered":"Friends of E42"},"content":{"rendered":"<section class=\"wpb-content-wrapper\">[vc_row css=&#8220;.vc_custom_1585572161650{margin-bottom: 0px !important;padding-bottom: 0px !important;}&#8220;][vc_column][vc_text_separator title=&#8220;&#8230;Unsere Partner &#8211; Freunde f\u00fcrs Leben&#8230;&#8220;][vc_empty_space][\/vc_column][\/vc_row][vc_row css=&#8220;.vc_custom_1585575419786{margin-top: 0px !important;margin-bottom: 0px !important;padding-top: 0px !important;padding-bottom: 0px !important;}&#8220;][vc_column width=&#8220;1\/3&#8243;][vc_column_text]\n<h3 style=\"text-align: center;\">Wein in seiner ganzen Vielfalt<\/h3>\n[\/vc_column_text][vc_empty_space height=&#8220;20px&#8220;][vc_single_image image=&#8220;4512&#8243; img_size=&#8220;500&#215;320&#8243; alignment=&#8220;center&#8220; onclick=&#8220;link_image&#8220; css=&#8220;.vc_custom_1606760811315{margin-bottom: 0px !important;padding-bottom: 0px !important;}&#8220;][vc_custom_heading text=&#8220;Wolfgang Schweiger&#8220; font_container=&#8220;tag:h3|text_align:center&#8220; google_fonts=&#8220;font_family:Roboto%20Slab%3A100%2C300%2Cregular%2C700|font_style:400%20regular%3A400%3Anormal&#8220; css=&#8220;.vc_custom_1605019885586{margin-top: 0px !important;margin-right: 0px !important;margin-bottom: 40px !important;margin-left: 0px !important;border-top-width: 0px !important;border-right-width: 0px !important;border-bottom-width: 0px !important;border-left-width: 0px !important;padding-top: 0px !important;padding-right: 0px !important;padding-bottom: 0px !important;padding-left: 0px !important;}&#8220;][vc_column_text]\n<p style=\"text-align: center;\">Unser Wolfgang, Diplom-Sommelier und Weinakademiker, seit 20 Jahren ein bekannter Name im Weingesch\u00e4ft. Neben seinem Kernbereich &#8211; der Betreuung und Belieferung ausgew\u00e4hlter Gastronomie gibt es auch &#8222;Schweigers Weingrei\u00dflerei&#8220; als direkte Verkaufsstelle in Gr\u00f6bming. Nicht nur Wein geh\u00f6rt zu seinen Spezialit\u00e4ten &#8211; auch Fruchts\u00e4fte, Gin, Rum, Edelbr\u00e4nde und vieles mehr runden sein Sortiment ab. Wir sind stolz darauf, von ihm unterst\u00fctzt, geschult und beliefert zu werden.<\/p>\n<p style=\"text-align: center;\">Mehr Infos gibt&#8217;s <a href=\"http:\/\/www.vino-per-amici.at\" target=\"_blank\" rel=\"noopener noreferrer\">hier&#8230;<\/a><\/p>\n[\/vc_column_text][vc_empty_space height=&#8220;20px&#8220;][\/vc_column][vc_column width=&#8220;1\/3&#8243;][vc_column_text]\n<h3 style=\"text-align: center;\">Profis der Natur<\/h3>\n[\/vc_column_text][vc_empty_space height=&#8220;20px&#8220;][vc_single_image image=&#8220;4661&#8243; img_size=&#8220;500&#215;320&#8243; alignment=&#8220;center&#8220; onclick=&#8220;link_image&#8220; css=&#8220;.vc_custom_1636752398710{margin-bottom: 0px !important;padding-bottom: 0px !important;}&#8220;][vc_custom_heading text=&#8220;Manufaktur Dachstein Destillerie&#8220; font_container=&#8220;tag:h3|text_align:center&#8220; google_fonts=&#8220;font_family:Roboto%20Slab%3A100%2C300%2Cregular%2C700|font_style:400%20regular%3A400%3Anormal&#8220; css=&#8220;.vc_custom_1636752434711{margin-top: 0px !important;margin-right: 0px !important;margin-bottom: 40px !important;margin-left: 0px !important;border-top-width: 0px !important;border-right-width: 0px !important;border-bottom-width: 0px !important;border-left-width: 0px !important;padding-top: 0px !important;padding-right: 0px !important;padding-bottom: 0px !important;padding-left: 0px !important;}&#8220;][vc_column_text]\n<p style=\"text-align: center;\">Produkte von h\u00f6chster Qualit\u00e4t &#8211; von Spirituosen \u00fcber Pflege aus der Natur bis hin zu eigens kreierter Schokolade &#8211; all das ist die Spezialit\u00e4t unserer Freunde Katharina und Theresa in ihrer famili\u00e4r gef\u00fchrten Manufaktur, dem Mandlberggut. Die beiden Schwestern und ihre Familien verwenden nur hochwertige Rohstoffe aus bekannter Herkunft bei der Herstellung ihrer Produkte. Wir finden es sch\u00f6n, das wir die Familie Warter an unserer Seite haben und das zeigen wir euch sehr gerne.<\/p>\n<p style=\"text-align: center;\">Mehr Infos gibt&#8217;s <a href=\"https:\/\/steirershrimps.at\/\" target=\"_blank\" rel=\"noopener noreferrer\">hier&#8230;<\/a><\/p>\n[\/vc_column_text][vc_empty_space height=&#8220;20px&#8220;][\/vc_column][vc_column width=&#8220;1\/3&#8243;][vc_column_text]\n<h3 style=\"text-align: center;\">Der Fleischbaron<\/h3>\n[\/vc_column_text][vc_empty_space height=&#8220;20px&#8220;][vc_single_image image=&#8220;4515&#8243; img_size=&#8220;500&#215;320&#8243; alignment=&#8220;center&#8220; onclick=&#8220;link_image&#8220; css=&#8220;.vc_custom_1606760823663{margin-bottom: 0px !important;padding-bottom: 0px !important;}&#8220;][vc_custom_heading text=&#8220;Fleischerei Autischer&#8220; font_container=&#8220;tag:h3|text_align:center&#8220; google_fonts=&#8220;font_family:Roboto%20Slab%3A100%2C300%2Cregular%2C700|font_style:400%20regular%3A400%3Anormal&#8220; css=&#8220;.vc_custom_1605020626943{margin-top: 0px !important;margin-right: 0px !important;margin-bottom: 40px !important;margin-left: 0px !important;border-top-width: 0px !important;border-right-width: 0px !important;border-bottom-width: 0px !important;border-left-width: 0px !important;padding-top: 0px !important;padding-right: 0px !important;padding-bottom: 0px !important;padding-left: 0px !important;}&#8220;][vc_column_text]\n<p style=\"text-align: center;\">Und das zelebrieren wir gerne. Das Ennstal hat wundersch\u00f6ne Br\u00e4uche. Rund<br \/>\num unsere wundersch\u00f6ne Region lassen wir diese auch gerne hochleben. Dazu geh\u00f6rt allen voran die Tracht. Wie der Volksmund schon sagt &#8222;mit ana Lederhosn bist ozogn&#8220;.<br \/>\nBei uns liegt die Tracht ganz vorne im Kleiderschrank. Immer Freitags laden wir euch herzlich zum &#8222;Partnerlook&#8220; ein. Reserviert euch euer Platzerl im Steak Wirtshaus und ab in die &#8222;Trachtenpanier&#8220;. Wir freuen uns und gemeinsam schauts gleich noch besser aus.<br \/>\n#Trachtenfreitag #E42mountainsteil[\/vc_column_text][vc_empty_space height=&#8220;20px&#8220;][\/vc_column][\/vc_row][vc_row css=&#8220;.vc_custom_1585575419786{margin-top: 0px !important;margin-bottom: 0px !important;padding-top: 0px !important;padding-bottom: 0px !important;}&#8220;][vc_column width=&#8220;1\/3&#8243;][vc_column_text]\n<h3 style=\"text-align: center;\">Mehr als nur Gem\u00fcse<\/h3>\n[\/vc_column_text][vc_empty_space height=&#8220;20px&#8220;][vc_single_image image=&#8220;4535&#8243; img_size=&#8220;500&#215;320&#8243; alignment=&#8220;center&#8220; onclick=&#8220;link_image&#8220; css=&#8220;.vc_custom_1606760768587{margin-bottom: 0px !important;padding-bottom: 0px !important;}&#8220;][vc_custom_heading text=&#8220;Unsere Familie Leberbauer&#8220; font_container=&#8220;tag:h3|text_align:center&#8220; google_fonts=&#8220;font_family:Roboto%20Slab%3A100%2C300%2Cregular%2C700|font_style:400%20regular%3A400%3Anormal&#8220; css=&#8220;.vc_custom_1606760959187{margin-top: 0px !important;margin-right: 0px !important;margin-bottom: 40px !important;margin-left: 0px !important;border-top-width: 0px !important;border-right-width: 0px !important;border-bottom-width: 0px !important;border-left-width: 0px !important;padding-top: 0px !important;padding-right: 0px !important;padding-bottom: 0px !important;padding-left: 0px !important;}&#8220;][vc_column_text]\n<p style=\"text-align: center;\">Nachdem wir unseren Freund und Kellner schweren Herzens ins Nieder\u00f6sterreichische Marchfeld ziehen lie\u00dfen, freuen wir uns umso mehr, dass er nun mit Familie Leberbauer und deren 100 Hektar am sch\u00f6nen Marchfeld, nicht auf uns vergisst. Vom Urgro\u00dfvater Michael Schreiner (1884) \u00fcbernommen und von einer Generation an die N\u00e4chste \u00fcbergeben, l\u00e4uft der Gem\u00fcsebetrieb seit der 4. Generation unter dem Namen Leberbauer, bei der unser Lukazs nun seinen Platz an der Seite seiner Christine gefunden hat. Wir freuen uns besonders, dass die aufstrebende Jugend nun auch unsere Gastronomie mit deren Gem\u00fcse bereichert.<\/p>\n[\/vc_column_text][vc_empty_space height=&#8220;20px&#8220;][\/vc_column][vc_column width=&#8220;1\/3&#8243;][vc_column_text]\n<h3 style=\"text-align: center;\">Bier und Co.<\/h3>\n[\/vc_column_text][vc_empty_space height=&#8220;20px&#8220;][vc_single_image image=&#8220;4525&#8243; img_size=&#8220;500&#215;320&#8243; alignment=&#8220;center&#8220; onclick=&#8220;link_image&#8220; css=&#8220;.vc_custom_1606760775626{margin-bottom: 0px !important;padding-bottom: 0px !important;}&#8220;][vc_custom_heading text=&#8220;Die Schladminger Brauerei&#8220; font_container=&#8220;tag:h3|text_align:center&#8220; google_fonts=&#8220;font_family:Roboto%20Slab%3A100%2C300%2Cregular%2C700|font_style:400%20regular%3A400%3Anormal&#8220; css=&#8220;.vc_custom_1605022645335{margin-top: 0px !important;margin-right: 0px !important;margin-bottom: 40px !important;margin-left: 0px !important;border-top-width: 0px !important;border-right-width: 0px !important;border-bottom-width: 0px !important;border-left-width: 0px !important;padding-top: 0px !important;padding-right: 0px !important;padding-bottom: 0px !important;padding-left: 0px !important;}&#8220;][vc_column_text]\n<p style=\"text-align: center;\">Naturbelassenes Bergquellwasser aus dem kristallinen Urgestein der Schladminger Tauern, traditionelles Brauverfahren unter Verwendung erlesener Rohstoffe &#8211; das alles gibt dem Schladminger seinen typischen Geschmack. H\u00f6chste Braukunst im Einklang mit der Natur &#8211; das sind die Bio &#8211; Spezialit\u00e4ten aus der Brauerei Schladming. Aber nicht nur Bier &#8211; auch die meisten anderen Getr\u00e4nke beziehen wir von diesem starken Partner. Perfekte Betreuung und Beistand auch in schwierigen Zeiten zeichnet das Team der Brauerei auf jeden Fall aus.<\/p>\n<p style=\"text-align: center;\">Mehr Infos gibt&#8217;s <a href=\"https:\/\/www.schladmingerbier.at\/\" target=\"_blank\" rel=\"noopener noreferrer\">hier&#8230;<\/a><\/p>\n[\/vc_column_text][vc_empty_space height=&#8220;20px&#8220;][\/vc_column][vc_column width=&#8220;1\/3&#8243;][vc_column_text]\n<h3 style=\"text-align: center;\">Weine mit Charakter<\/h3>\n[\/vc_column_text][vc_empty_space height=&#8220;20px&#8220;][vc_single_image image=&#8220;4526&#8243; img_size=&#8220;500&#215;320&#8243; alignment=&#8220;center&#8220; onclick=&#8220;link_image&#8220; css=&#8220;.vc_custom_1606760782330{margin-bottom: 0px !important;padding-bottom: 0px !important;}&#8220;][vc_custom_heading text=&#8220;Weingut Waldsch\u00fctz&#8220; font_container=&#8220;tag:h3|text_align:center&#8220; google_fonts=&#8220;font_family:Roboto%20Slab%3A100%2C300%2Cregular%2C700|font_style:400%20regular%3A400%3Anormal&#8220; css=&#8220;.vc_custom_1605023040635{margin-top: 0px !important;margin-right: 0px !important;margin-bottom: 40px !important;margin-left: 0px !important;border-top-width: 0px !important;border-right-width: 0px !important;border-bottom-width: 0px !important;border-left-width: 0px !important;padding-top: 0px !important;padding-right: 0px !important;padding-bottom: 0px !important;padding-left: 0px !important;}&#8220;][vc_column_text]\n<p style=\"text-align: center;\">Am Beginn des Kamptals, in Strass-Elsarn entstehen wunderbare Weine unter der Obhut einer ganz besonderen Familie. Seit 4 Generationen werden die Geheimnisse der Winzerkunst von Vater an Sohn Waldsch\u00fctz weiter gegeben. Damit entstand eine ganz besondere Bindung zu diesem St\u00fcck Erde und deren Fr\u00fcchten. Auch f\u00fcr uns war das Weingut Waldsch\u00fctz ein wunderbarer Gewinn und das zeigen wir voller Begeisterung mit deren Produkten und allem voran mit unserem &#8222;Cuvee E42&#8220;.<\/p>\n<p style=\"text-align: center;\">Mehr Infos gibt&#8217;s <a href=\"https:\/\/www.weingut-waldschuetz.at\/\" target=\"_blank\" rel=\"noopener noreferrer\">hier&#8230;<\/a><\/p>\n[\/vc_column_text][vc_empty_space height=&#8220;20px&#8220;][\/vc_column][\/vc_row][vc_row css=&#8220;.vc_custom_1585575419786{margin-top: 0px !important;margin-bottom: 0px !important;padding-top: 0px !important;padding-bottom: 0px !important;}&#8220;][vc_column width=&#8220;1\/3&#8243;][vc_column_text]\n<h3 style=\"text-align: center;\">Teigf\u00fchrung vom Meister<\/h3>\n[\/vc_column_text][vc_empty_space height=&#8220;20px&#8220;][vc_single_image image=&#8220;4580&#8243; img_size=&#8220;500&#215;320&#8243; alignment=&#8220;center&#8220; onclick=&#8220;link_image&#8220; css=&#8220;.vc_custom_1607983999388{margin-bottom: 0px !important;padding-bottom: 0px !important;}&#8220;][vc_custom_heading text=&#8220;B\u00e4ckerei Lasser&#8220; font_container=&#8220;tag:h3|text_align:center&#8220; google_fonts=&#8220;font_family:Roboto%20Slab%3A100%2C300%2Cregular%2C700|font_style:400%20regular%3A400%3Anormal&#8220; css=&#8220;.vc_custom_1606761751940{margin-top: 0px !important;margin-right: 0px !important;margin-bottom: 40px !important;margin-left: 0px !important;border-top-width: 0px !important;border-right-width: 0px !important;border-bottom-width: 0px !important;border-left-width: 0px !important;padding-top: 0px !important;padding-right: 0px !important;padding-bottom: 0px !important;padding-left: 0px !important;}&#8220;][vc_column_text]\n<p style=\"text-align: center;\">\u00a0Die Traditionsb\u00e4ckerei Lasser \u00fcberzeugt seit Generationen mit unverkennbaren Qualit\u00e4tsmerkmalen und alt bewahrten Rezepten. Sei der \u00dcbernahme des Familienbetriebes, ist der <strong>Chef und B\u00e4ckermeister Heinz<\/strong> selbst 7 Tage die Woche mit Liebe zum Detail im Einsatz. Immer auf<strong> lange G\u00e4r und Teigruhezeiten<\/strong> fokussiert ist ihm wichtig, dass seine Backwaren nur aus hochwertigen, unbehandelten Rohstoffen gefertigt werden. <strong>Seine Garantie, dass kein einziges Produkt zugekauft wird<\/strong> ist ihm so wichtig wie uns. Somit hat Heinz mit seinem Team einen fixen Platz in unserem Herzen reserviert.<\/p>\n<p style=\"text-align: center;\">Mehr Infos gibt&#8217;s <a href=\"https:\/\/www.lasser.at\/\" target=\"_blank\" rel=\"noopener\">hier&#8230;<\/a><\/p>\n[\/vc_column_text][vc_empty_space height=&#8220;20px&#8220;][\/vc_column][vc_column width=&#8220;1\/3&#8243;][vc_column_text]\n<h3 style=\"text-align: center;\">Dry Aged und Mehr<\/h3>\n[\/vc_column_text][vc_empty_space height=&#8220;20px&#8220;][vc_single_image image=&#8220;4534&#8243; img_size=&#8220;500&#215;320&#8243; alignment=&#8220;center&#8220; onclick=&#8220;link_image&#8220; css=&#8220;.vc_custom_1606762086090{margin-bottom: 0px !important;padding-bottom: 0px !important;}&#8220;][vc_custom_heading text=&#8220;Andi Spanberger&#8220; font_container=&#8220;tag:h3|text_align:center&#8220; google_fonts=&#8220;font_family:Roboto%20Slab%3A100%2C300%2Cregular%2C700|font_style:400%20regular%3A400%3Anormal&#8220; css=&#8220;.vc_custom_1606761964512{margin-top: 0px !important;margin-right: 0px !important;margin-bottom: 40px !important;margin-left: 0px !important;border-top-width: 0px !important;border-right-width: 0px !important;border-bottom-width: 0px !important;border-left-width: 0px !important;padding-top: 0px !important;padding-right: 0px !important;padding-bottom: 0px !important;padding-left: 0px !important;}&#8220;][vc_column_text]\n<p style=\"text-align: center;\">Unsere Freunde von der Fleischerei Spanberger in Gr\u00f6bming stehen f\u00fcr au\u00dfergew\u00f6hnliche Qualit\u00e4t und besondere Fleischprodukte. Ihre Wurstwaren werden im eigenen Haus nach traditionellen Rezepten frisch produziert. In die neue Generation weitergegeben ist es nun Sohn Andi, der uns mit Fleisch- und Wurstwaren aus dem Ennstal beliefert und auch einen Teil der DryAged Spezialit\u00e4ten f\u00fcr uns reifen l\u00e4sst. Alles unter der Kontrolle der Eltern und auch der unabh\u00e4ngigen Stelle des AMA-Handwerksiegels.<\/p>\n<p style=\"text-align: center;\">Mehr Infos gibt&#8217;s <a href=\"http:\/\/www.fleisch-spanberger.at\" target=\"_blank\" rel=\"noopener noreferrer\">hier&#8230;<\/a><\/p>\n[\/vc_column_text][vc_empty_space height=&#8220;20px&#8220;][\/vc_column][vc_column width=&#8220;1\/3&#8243;][vc_column_text]\n<h3 style=\"text-align: center;\">Wagyu aus dem Ennstal<\/h3>\n[\/vc_column_text][vc_empty_space height=&#8220;20px&#8220;][vc_single_image image=&#8220;4518&#8243; img_size=&#8220;500&#215;320&#8243; alignment=&#8220;center&#8220; onclick=&#8220;link_image&#8220; css=&#8220;.vc_custom_1606761696636{margin-bottom: 0px !important;padding-bottom: 0px !important;}&#8220;][vc_custom_heading text=&#8220;Rita vom Hollingerhof&#8220; font_container=&#8220;tag:h3|text_align:center&#8220; google_fonts=&#8220;font_family:Roboto%20Slab%3A100%2C300%2Cregular%2C700|font_style:400%20regular%3A400%3Anormal&#8220; css=&#8220;.vc_custom_1606761706044{margin-top: 0px !important;margin-right: 0px !important;margin-bottom: 40px !important;margin-left: 0px !important;border-top-width: 0px !important;border-right-width: 0px !important;border-bottom-width: 0px !important;border-left-width: 0px !important;padding-top: 0px !important;padding-right: 0px !important;padding-bottom: 0px !important;padding-left: 0px !important;}&#8220;][vc_column_text]\n<p style=\"text-align: center;\">Wagyu ist Japanisch und hei\u00dft &#8222;japanisches Rind&#8220; Es handelt sich hierbei um die Rinderrasse, mit dem wohl besten Fleisch der Welt. Wagyu verf\u00fcgt \u00fcber Fleisch mit einer sehr hohen intramuskul\u00e4ren Fett-Marmorierung. In ihrem Familienbetrieb, dem Hollingerhof in Aigen im Ennstal, hat unsere Rita seit 2015, nach ihrer Zeit in Japan, nun ihre eigenen Wagyu Rinder &#8211; und denen geht&#8217;s gut bei ihr :-). Wir freuen uns sehr, einer ihrer ausgew\u00e4hlten Partner zu sein!<\/p>\n<p style=\"text-align: center;\">Mehr Info&#8217;s gibt&#8217;s <a href=\"https:\/\/www.hollingerhof.at\/\" target=\"_blank\" rel=\"noopener noreferrer\">hier&#8230;<\/a><\/p>\n[\/vc_column_text][vc_empty_space height=&#8220;20px&#8220;][\/vc_column][\/vc_row][vc_row][vc_column][vc_text_separator title=&#8220;&#8230;Freunde, die wie wir ticken&#8230;&#8220;][\/vc_column][\/vc_row][vc_row css=&#8220;.vc_custom_1585575419786{margin-top: 0px !important;margin-bottom: 0px !important;padding-top: 0px !important;padding-bottom: 0px !important;}&#8220;][vc_column width=&#8220;1\/2&#8243;][vc_column_text]\n<h3 style=\"text-align: center;\">Grafenwirt<\/h3>\n[\/vc_column_text][vc_empty_space height=&#8220;20px&#8220;][vc_single_image image=&#8220;4545&#8243; img_size=&#8220;500&#215;320&#8243; alignment=&#8220;center&#8220; onclick=&#8220;link_image&#8220; css=&#8220;.vc_custom_1606762472323{margin-bottom: 0px !important;padding-bottom: 0px !important;}&#8220;][vc_custom_heading text=&#8220;Von der Leerstelle zur Freundschaft&#8220; font_container=&#8220;tag:h3|text_align:center&#8220; google_fonts=&#8220;font_family:Roboto%20Slab%3A100%2C300%2Cregular%2C700|font_style:400%20regular%3A400%3Anormal&#8220; css=&#8220;.vc_custom_1606768785387{margin-top: 0px !important;margin-right: 0px !important;margin-bottom: 40px !important;margin-left: 0px !important;border-top-width: 0px !important;border-right-width: 0px !important;border-bottom-width: 0px !important;border-left-width: 0px !important;padding-top: 0px !important;padding-right: 0px !important;padding-bottom: 0px !important;padding-left: 0px !important;}&#8220;][vc_column_text]\n<p style=\"text-align: center;\">Seit 60 Jahren ist der GrafenWirt inmitten der idyllischen Ruhe der Ferienregion Schladming Dachstein, kulinarischer Treffpunkt f\u00fcr Feinschmecker, die sich gerne mit herzhafter K\u00fcche verw\u00f6hnen lassen. Nach einigen Wanderjahren bei <strong>Gerhard Fuchs<\/strong> und <strong>Martin Sieberer<\/strong> kehrte <strong>Franz jun.<\/strong> nach Aich zur\u00fcck, wo er nun in <strong>3. Generation<\/strong> den traditionsbewussten Familienbetrieb weiterf\u00fchrt. Gemeinsam mit seiner Mutter Helga sorgt er f\u00fcr kulinarische Erlebnisse und setzt dabei vor allem auf <strong>regionale Spezialit\u00e4ten in enger Zusammenarbeit mit qualit\u00e4tsbewussten Produzenten aus der Region<\/strong>. Als unser Thomas damals die Lehre beim &#8222;Grafen&#8220; antrat, dachte wohl niemand, dass \u00fcber die Jahre eine so gute Partnerschaft und Freundschaft daraus entsteht. Darauf sind wir stolz und das zeigen wir auch sehr gerne mit gemeinsamen Projekten und einer innovativen Zusammenarbeit.<\/p>\n<p style=\"text-align: center;\">Mehr Infos gibt&#8217;s <a href=\"https:\/\/grafenwirt.at\/\" target=\"_blank\" rel=\"noopener\">hier&#8230;<\/a><\/p>\n[\/vc_column_text][vc_empty_space height=&#8220;20px&#8220;][\/vc_column][vc_column width=&#8220;1\/2&#8243;][vc_column_text]\n<h3 style=\"text-align: center;\">OWH<\/h3>\n[\/vc_column_text][vc_empty_space height=&#8220;20px&#8220;][vc_single_image image=&#8220;4520&#8243; img_size=&#8220;500&#215;320&#8243; alignment=&#8220;center&#8220; onclick=&#8220;link_image&#8220; css=&#8220;.vc_custom_1606900578118{margin-bottom: 0px !important;padding-bottom: 0px !important;}&#8220;][vc_custom_heading text=&#8220;Besonders wie wir&#8220; font_container=&#8220;tag:h3|text_align:center&#8220; google_fonts=&#8220;font_family:Roboto%20Slab%3A100%2C300%2Cregular%2C700|font_style:400%20regular%3A400%3Anormal&#8220; css=&#8220;.vc_custom_1606859686000{margin-top: 0px !important;margin-right: 0px !important;margin-bottom: 40px !important;margin-left: 0px !important;border-top-width: 0px !important;border-right-width: 0px !important;border-bottom-width: 0px !important;border-left-width: 0px !important;padding-top: 0px !important;padding-right: 0px !important;padding-bottom: 0px !important;padding-left: 0px !important;}&#8220;][vc_column_text]\n<p style=\"text-align: center;\">Seit dem Sommer 2019 sind nun die Enkels\u00f6hne vom &#8222;Onkel Willy&#8220; &#8211; <strong>Patrick und Mani mit ihrem Freund Fischi<\/strong> &#8211; am Ruder. Die drei Jungs wollen aus &#8222;OWH&#8220; &#8211; wie Onkel Willy&#8217;s H\u00fctte liebevoll genannt wird &#8211; wieder die Vorbildh\u00fctte machen, die sie einst war. <strong>Traditionsbewusst und bodenst\u00e4ndig<\/strong> <strong>sind sie wie Br\u00fcder f\u00fcr uns<\/strong> und repr\u00e4sentieren den selben Lifestyle einer besonderen Gastronomie. Das zeigen sie sowohl bei den Speisen wie auch dem Wein- und Schnapskeller.<\/p>\n<p style=\"text-align: center;\">Wir sind stolz auf diese Freundschaft und halten sie in Ehren. Darum sollte die OWH f\u00fcr euch, wie auch f\u00fcr uns, <strong>der erste Rastpunkt am Berg<\/strong> sein.<\/p>\n<p style=\"text-align: center;\">Mehr Infos gibt&#8217;s <a href=\"https:\/\/owh.at\/\" target=\"_blank\" rel=\"noopener\">hier&#8230;<\/a><\/p>\n[\/vc_column_text][vc_empty_space height=&#8220;20px&#8220;][\/vc_column][\/vc_row]\n<\/section>","protected":false},"excerpt":{"rendered":"<p>[vc_row css=&#8220;.vc_custom_1585572161650{margin-bottom: 0px !important;padding-bottom: 0px !important;}&#8220;][vc_column][vc_text_separator title=&#8220;&#8230;Unsere Partner &#8211; Freunde f\u00fcrs Leben&#8230;&#8220;][vc_empty_space][\/vc_column][\/vc_row][vc_row css=&#8220;.vc_custom_1585575419786{margin-top: 0px !important;margin-bottom: 0px !important;padding-top: 0px !important;padding-bottom: 0px [&hellip;]<\/p>\n","protected":false},"author":3,"featured_media":0,"parent":0,"menu_order":0,"comment_status":"closed","ping_status":"closed","template":"","meta":[],"yoast_head":"<!-- This site is optimized with the Yoast SEO plugin v19.14 - https:\/\/yoast.com\/wordpress\/plugins\/seo\/ -->\n<title>Friends of E42 - E42 Mountainsteil | Steakhouse<\/title>\n<meta name=\"description\" content=\"Hier finden Sie alle Informationen rund um aktuelle Veranstaltungen &amp; Events im E42 Mountainsteil.\" \/>\n<meta name=\"robots\" content=\"index, follow, max-snippet:-1, max-image-preview:large, max-video-preview:-1\" \/>\n<link rel=\"canonical\" href=\"https:\/\/e42.at\/steakhaus\/friends-of-e42\/\" \/>\n<meta property=\"og:locale\" content=\"de_DE\" \/>\n<meta property=\"og:type\" content=\"article\" \/>\n<meta property=\"og:title\" content=\"Friends of E42 - E42 Mountainsteil | Steakhouse\" \/>\n<meta property=\"og:description\" content=\"Hier finden Sie alle Informationen rund um aktuelle Veranstaltungen &amp; Events im E42 Mountainsteil.\" \/>\n<meta property=\"og:url\" content=\"https:\/\/e42.at\/steakhaus\/friends-of-e42\/\" \/>\n<meta property=\"og:site_name\" content=\"E42 Mountainsteil | Steakhouse\" \/>\n<meta property=\"article:modified_time\" content=\"2021-11-12T21:35:30+00:00\" \/>\n<meta name=\"twitter:card\" content=\"summary_large_image\" \/>\n<meta name=\"twitter:label1\" content=\"Gesch\u00e4tzte Lesezeit\" \/>\n\t<meta name=\"twitter:data1\" content=\"12\u00a0Minuten\" \/>\n<script type=\"application\/ld+json\" class=\"yoast-schema-graph\">{\"@context\":\"https:\/\/schema.org\",\"@graph\":[{\"@type\":\"WebPage\",\"@id\":\"https:\/\/e42.at\/steakhaus\/friends-of-e42\/\",\"url\":\"https:\/\/e42.at\/steakhaus\/friends-of-e42\/\",\"name\":\"Friends of E42 - E42 Mountainsteil | Steakhouse\",\"isPartOf\":{\"@id\":\"https:\/\/e42.at\/steakhaus\/#website\"},\"datePublished\":\"2020-11-10T14:30:45+00:00\",\"dateModified\":\"2021-11-12T21:35:30+00:00\",\"description\":\"Hier finden Sie alle Informationen rund um aktuelle Veranstaltungen & Events im E42 Mountainsteil.\",\"breadcrumb\":{\"@id\":\"https:\/\/e42.at\/steakhaus\/friends-of-e42\/#breadcrumb\"},\"inLanguage\":\"de\",\"potentialAction\":[{\"@type\":\"ReadAction\",\"target\":[\"https:\/\/e42.at\/steakhaus\/friends-of-e42\/\"]}]},{\"@type\":\"BreadcrumbList\",\"@id\":\"https:\/\/e42.at\/steakhaus\/friends-of-e42\/#breadcrumb\",\"itemListElement\":[{\"@type\":\"ListItem\",\"position\":1,\"name\":\"Startseite\",\"item\":\"https:\/\/e42.at\/steakhaus\/\"},{\"@type\":\"ListItem\",\"position\":2,\"name\":\"Friends of E42\"}]},{\"@type\":\"WebSite\",\"@id\":\"https:\/\/e42.at\/steakhaus\/#website\",\"url\":\"https:\/\/e42.at\/steakhaus\/\",\"name\":\"E42 Mountainsteil | Steakhouse\",\"description\":\"Dein Steakhaus in Haus im Ennstal\",\"potentialAction\":[{\"@type\":\"SearchAction\",\"target\":{\"@type\":\"EntryPoint\",\"urlTemplate\":\"https:\/\/e42.at\/steakhaus\/?s={search_term_string}\"},\"query-input\":\"required name=search_term_string\"}],\"inLanguage\":\"de\"}]}<\/script>\n<!-- \/ Yoast SEO plugin. -->","yoast_head_json":{"title":"Friends of E42 - E42 Mountainsteil | Steakhouse","description":"Hier finden Sie alle Informationen rund um aktuelle Veranstaltungen & Events im E42 Mountainsteil.","robots":{"index":"index","follow":"follow","max-snippet":"max-snippet:-1","max-image-preview":"max-image-preview:large","max-video-preview":"max-video-preview:-1"},"canonical":"https:\/\/e42.at\/steakhaus\/friends-of-e42\/","og_locale":"de_DE","og_type":"article","og_title":"Friends of E42 - E42 Mountainsteil | Steakhouse","og_description":"Hier finden Sie alle Informationen rund um aktuelle Veranstaltungen & Events im E42 Mountainsteil.","og_url":"https:\/\/e42.at\/steakhaus\/friends-of-e42\/","og_site_name":"E42 Mountainsteil | Steakhouse","article_modified_time":"2021-11-12T21:35:30+00:00","twitter_card":"summary_large_image","twitter_misc":{"Gesch\u00e4tzte Lesezeit":"12\u00a0Minuten"},"schema":{"@context":"https:\/\/schema.org","@graph":[{"@type":"WebPage","@id":"https:\/\/e42.at\/steakhaus\/friends-of-e42\/","url":"https:\/\/e42.at\/steakhaus\/friends-of-e42\/","name":"Friends of E42 - E42 Mountainsteil | Steakhouse","isPartOf":{"@id":"https:\/\/e42.at\/steakhaus\/#website"},"datePublished":"2020-11-10T14:30:45+00:00","dateModified":"2021-11-12T21:35:30+00:00","description":"Hier finden Sie alle Informationen rund um aktuelle Veranstaltungen & Events im E42 Mountainsteil.","breadcrumb":{"@id":"https:\/\/e42.at\/steakhaus\/friends-of-e42\/#breadcrumb"},"inLanguage":"de","potentialAction":[{"@type":"ReadAction","target":["https:\/\/e42.at\/steakhaus\/friends-of-e42\/"]}]},{"@type":"BreadcrumbList","@id":"https:\/\/e42.at\/steakhaus\/friends-of-e42\/#breadcrumb","itemListElement":[{"@type":"ListItem","position":1,"name":"Startseite","item":"https:\/\/e42.at\/steakhaus\/"},{"@type":"ListItem","position":2,"name":"Friends of E42"}]},{"@type":"WebSite","@id":"https:\/\/e42.at\/steakhaus\/#website","url":"https:\/\/e42.at\/steakhaus\/","name":"E42 Mountainsteil | Steakhouse","description":"Dein Steakhaus in Haus im Ennstal","potentialAction":[{"@type":"SearchAction","target":{"@type":"EntryPoint","urlTemplate":"https:\/\/e42.at\/steakhaus\/?s={search_term_string}"},"query-input":"required name=search_term_string"}],"inLanguage":"de"}]}},"_links":{"self":[{"href":"https:\/\/e42.at\/steakhaus\/wp-json\/wp\/v2\/pages\/4506"}],"collection":[{"href":"https:\/\/e42.at\/steakhaus\/wp-json\/wp\/v2\/pages"}],"about":[{"href":"https:\/\/e42.at\/steakhaus\/wp-json\/wp\/v2\/types\/page"}],"author":[{"embeddable":true,"href":"https:\/\/e42.at\/steakhaus\/wp-json\/wp\/v2\/users\/3"}],"replies":[{"embeddable":true,"href":"https:\/\/e42.at\/steakhaus\/wp-json\/wp\/v2\/comments?post=4506"}],"version-history":[{"count":33,"href":"https:\/\/e42.at\/steakhaus\/wp-json\/wp\/v2\/pages\/4506\/revisions"}],"predecessor-version":[{"id":4662,"href":"https:\/\/e42.at\/steakhaus\/wp-json\/wp\/v2\/pages\/4506\/revisions\/4662"}],"wp:attachment":[{"href":"https:\/\/e42.at\/steakhaus\/wp-json\/wp\/v2\/media?parent=4506"}],"curies":[{"name":"wp","href":"https:\/\/api.w.org\/{rel}","templated":true}]}}